{"id":1311,"date":"2025-04-09T10:31:14","date_gmt":"2025-04-09T08:31:14","guid":{"rendered":"https:\/\/heida:8890\/?page_id=1311"},"modified":"2025-04-09T13:02:16","modified_gmt":"2025-04-09T11:02:16","slug":"mentions-legales","status":"publish","type":"page","link":"https:\/\/heida.fr\/?page_id=1311","title":{"rendered":"Mentions l\u00e9gales"},"content":{"rendered":"\n<h3 class=\"wp-block-heading\">IDENTIT\u00c9<\/h3>\n\n\n\n<p>Propri\u00e9taire :&nbsp;Heida Fridriksson<\/p>\n\n\n\n<p>Responsable de publication : \u00a0Heida Fridriksson \u2013 <a href=\"mailto:heida@live.fr\">heida@live.fr<\/a><\/p>\n\n\n\n<p>H\u00e9bergement : Greenshift, 9, rue Campagne Premi\u00e8re 75014 Paris France<\/p>\n\n\n\n<p>R\u00e9alisation : Pascale Moise &#8211; <a href=\"mailto:pascalemoise@gmail.com\">pascalemoise@gmail.com<\/a> &#8211; <a href=\"https:\/\/pascalemoise.com\">pascalemoise.com<\/a><\/p>\n\n\n\n<h3 class=\"wp-block-heading\">CONDITIONS D\u2019UTILISATION<\/h3>\n\n\n\n<p>L\u2019utilisation du pr\u00e9sent site implique l\u2019acceptation pleine et enti\u00e8re des conditions g\u00e9n\u00e9rales d\u2019utilisation d\u00e9crites ci-apr\u00e8s. Ces conditions d\u2019utilisation sont susceptibles d\u2019\u00eatre modifi\u00e9es ou compl\u00e9t\u00e9es \u00e0 tout moment.<\/p>\n\n\n\n<h3 class=\"wp-block-heading\">INFORMATIONS<\/h3>\n\n\n\n<p>Les informations et documents du site sont pr\u00e9sent\u00e9s \u00e0 titre indicatif, sans de caract\u00e8re exhaustif, et ne peuvent engager la responsabilit\u00e9 du propri\u00e9taire du site.<\/p>\n\n\n\n<p>Le propri\u00e9taire du site ne peut \u00eatre tenu responsable des dommages directs et indirects cons\u00e9cutifs \u00e0 l\u2019acc\u00e8s au site.<\/p>\n\n\n\n<h3 class=\"wp-block-heading\">INTERACTIVIT\u00c9<\/h3>\n\n\n\n<p>Les utilisateurs du site peuvent y d\u00e9poser du contenu, apparaissant sur le site dans des espaces d\u00e9di\u00e9s (notamment via les commentaires). Le contenu d\u00e9pos\u00e9 reste sous la responsabilit\u00e9 de leurs auteurs, qui en assument pleinement l\u2019enti\u00e8re responsabilit\u00e9 juridique.<\/p>\n\n\n\n<p>Le propri\u00e9taire du site se r\u00e9serve n\u00e9anmoins le droit de retirer sans pr\u00e9avis et sans justification tout contenu d\u00e9pos\u00e9 par les utilisateurs qui ne satisferait pas \u00e0 la charte d\u00e9ontologique du site ou \u00e0 la l\u00e9gislation en vigueur.<\/p>\n\n\n\n<h3 class=\"wp-block-heading\">PROPRI\u00c9T\u00c9 INTELLECTUELLE<\/h3>\n\n\n\n<p>Sauf mention contraire, tous les \u00e9l\u00e9ments accessibles sur le site (textes, images, graphismes, logo, ic\u00f4nes, sons, logiciels, etc.) restent la propri\u00e9t\u00e9 exclusive de leurs auteurs, en ce qui concerne les droits de propri\u00e9t\u00e9 intellectuelle ou les droits d\u2019usage.<\/p>\n\n\n\n<p>Toute reproduction, repr\u00e9sentation, modification, publication, adaptation de tout ou partie des \u00e9l\u00e9ments du site, quel que soit le moyen ou le proc\u00e9d\u00e9 utilis\u00e9, est interdite, sauf autorisation \u00e9crite pr\u00e9alable de l\u2019auteur.<\/p>\n\n\n\n<p>Toute exploitation non autoris\u00e9e du site ou de l\u2019un quelconque des \u00e9l\u00e9ments qu\u2019il contient est consid\u00e9r\u00e9e comme constitutive d\u2019une contrefa\u00e7on et passible de poursuites.<\/p>\n\n\n\n<p>Les marques et logos reproduits sur le site sont d\u00e9pos\u00e9s par les soci\u00e9t\u00e9s qui en sont propri\u00e9taires.<\/p>\n\n\n\n<h3 class=\"wp-block-heading\">LIENS SORTANTS<\/h3>\n\n\n\n<p>Le propri\u00e9taire du site d\u00e9cline toute responsabilit\u00e9 et n\u2019est pas engag\u00e9 par le r\u00e9f\u00e9rencement via des liens hypertextes, de ressources tierces pr\u00e9sentes sur le r\u00e9seau Internet, tant en ce qui concerne leur contenu que leur pertinence.<\/p>\n\n\n\n<h3 class=\"wp-block-heading\">CONFIDENTIALIT\u00c9<\/h3>\n\n\n\n<p>Tout utilisateur dispose d\u2019un droit d\u2019acc\u00e8s, de rectification et d\u2019opposition aux donn\u00e9es personnelles le concernant, en effectuant sa demande \u00e9crite et sign\u00e9e, accompagn\u00e9e d\u2019une preuve d\u2019identit\u00e9.<\/p>\n","protected":false},"excerpt":{"rendered":"<p>IDENTIT\u00c9 Propri\u00e9taire :&nbsp;Heida Fridriksson Responsable de publication : \u00a0Heida Fridriksson \u2013 heida@live.fr H\u00e9bergement : Greenshift, 9, rue Campagne Premi\u00e8re 75014&#8230;<\/p>\n","protected":false},"author":1,"featured_media":0,"parent":0,"menu_order":0,"comment_status":"closed","ping_status":"closed","template":"","meta":{"_seopress_robots_primary_cat":"","_seopress_titles_title":"","_seopress_titles_desc":"","_seopress_robots_index":"","footnotes":""},"class_list":["post-1311","page","type-page","status-publish"],"_links":{"self":[{"href":"https:\/\/heida.fr\/index.php?rest_route=\/wp\/v2\/pages\/1311","targetHints":{"allow":["GET"]}}],"collection":[{"href":"https:\/\/heida.fr\/index.php?rest_route=\/wp\/v2\/pages"}],"about":[{"href":"https:\/\/heida.fr\/index.php?rest_route=\/wp\/v2\/types\/page"}],"author":[{"embeddable":true,"href":"https:\/\/heida.fr\/index.php?rest_route=\/wp\/v2\/users\/1"}],"replies":[{"embeddable":true,"href":"https:\/\/heida.fr\/index.php?rest_route=%2Fwp%2Fv2%2Fcomments&post=1311"}],"version-history":[{"count":2,"href":"https:\/\/heida.fr\/index.php?rest_route=\/wp\/v2\/pages\/1311\/revisions"}],"predecessor-version":[{"id":1375,"href":"https:\/\/heida.fr\/index.php?rest_route=\/wp\/v2\/pages\/1311\/revisions\/1375"}],"wp:attachment":[{"href":"https:\/\/heida.fr\/index.php?rest_route=%2Fwp%2Fv2%2Fmedia&parent=1311"}],"curies":[{"name":"wp","href":"https:\/\/api.w.org\/{rel}","templated":true}]}}